{"id":11114,"date":"2026-09-01T16:24:53","date_gmt":"2026-09-01T14:24:53","guid":{"rendered":"https:\/\/academy.grainesdepaix.org\/?post_type=ressource&#038;p=11114"},"modified":"2026-09-01T16:24:55","modified_gmt":"2026-09-01T14:24:55","slug":"harcelement-scolaire","status":"publish","type":"ressource","link":"https:\/\/academy.grainesdepaix.org\/en\/ressources\/harcelement-scolaire\/","title":{"rendered":"Harc\u00e8lement scolaire"},"content":{"rendered":"\n<p class=\"wp-block-paragraph\">Le site de l&#8217;UNESCO explique les motifs de cette nouvelle d\u00e9finition comme suit:<\/p>\n\n\n\n<p class=\"wp-block-paragraph\"><strong>Pourquoi revoir la d\u00e9finition du harc\u00e8lement ?<\/strong><\/p>\n\n\n\n<p class=\"wp-block-paragraph\">De nombreux programmes de lutte contre le harc\u00e8lement \u00e0 l\u2019\u00e9cole reposent sur une ancienne d\u00e9finition, selon laquelle ce ph\u00e9nom\u00e8ne consiste en une \u00ab conduite agressive et ind\u00e9sirable qui se r\u00e9p\u00e8te et s\u2019inscrit dans un rapport de pouvoir ou de force d\u00e9s\u00e9quilibr\u00e9 \u00bb. \u00c0 l\u2019\u00e9poque, cette d\u00e9finition \u00e9tait r\u00e9volutionnaire ; elle a fait avancer les travaux des chercheurs, des d\u00e9cideurs, des enseignants et d\u2019autres personnes, mais l\u2019\u00e9volution des points de vue a permis de mieux comprendre le harc\u00e8lement. (&#8230;)<\/p>\n\n\n\n<p class=\"wp-block-paragraph\">La d\u00e9finition propos\u00e9e promeut une approche globale et inclusive de la lutte contre le harc\u00e8lement et les violences \u00e0 l\u2019\u00e9cole et en ligne.<\/p>\n\n\n\n<p class=\"wp-block-paragraph\">Une d\u00e9finition plus inclusive peut faire tomber les barri\u00e8res entre les disciplines et les professions en encourageant la coop\u00e9ration entre les secteurs d\u2019une part, et entre les chercheurs, les d\u00e9cideurs, les enseignants et les \u00e9l\u00e8ves d\u2019autre part. Elle fournit des bases solides pour mieux comprendre le harc\u00e8lement, en particulier celui dirig\u00e9 vers les \u00e9l\u00e8ves les plus marginalis\u00e9s en raison de leur apparence, de leur appartenance ethnique, de leur genre, de leur cat\u00e9gorie sociale ou de leur sexualit\u00e9, entre autres. Le harc\u00e8lement est un probl\u00e8me complexe li\u00e9 \u00e0 des facteurs individuels, contextuels et structurels, ce qui rend la collaboration indispensable.<\/p>\n\n\n\n<p class=\"wp-block-paragraph\">Ensemble, nous pouvons mieux comprendre ce ph\u00e9nom\u00e8ne et nous attaquer non seulement aux comportements, mais aussi aux syst\u00e8mes et aux id\u00e9ologies qui sous-tendent le harc\u00e8lement.&#8221;<\/p>\n\n\n\n<ul class=\"wp-block-list\">\n<li><strong>Source :<\/strong>\u00a0<a href=\"https:\/\/www.unesco.org\/fr\/articles\/definir-le-harcelement-scolaire-et-ses-implications-pour-leducation-les-enseignants-et-les-eleves\" target=\"_blank\" rel=\"noreferrer noopener\">UNESCO, Forum mondial contre le harc\u00e8lement scolair<\/a><a href=\"https:\/\/www.unesco.org\/fr\/articles\/definir-le-harcelement-scolaire-et-ses-implications-pour-leducation-les-enseignants-et-les-eleves\">e<\/a>, <\/li>\n\n\n\n<li><strong>Date de publication :<\/strong>\u00a004 octobre 2023<\/li>\n<\/ul>\n\n\n\n<p class=\"is-style-hero-header wp-block-paragraph\"><\/p>\n","protected":false},"excerpt":{"rendered":"<p>Le site de l&#8217;UNESCO explique les motifs de cette nouvelle d\u00e9finition comme suit: Pourquoi revoir la d\u00e9finition du harc\u00e8lement ? [&hellip;]<\/p>\n","protected":false},"featured_media":0,"template":"","tags":[],"ressources-theme":[],"category-ressources":[39],"class_list":["post-11114","ressource","type-ressource","status-publish","hentry","category-ressources-dictionnaire"],"acf":[],"yoast_head":"<!-- This site is optimized with the Yoast SEO plugin v28.2 - https:\/\/yoast.com\/product\/yoast-seo-wordpress\/ -->\n<title>Harc\u00e8lement scolaire - Academy Fondation Graines de Paix<\/title>\n<meta name=\"robots\" content=\"index, follow, max-snippet:-1, max-image-preview:large, max-video-preview:-1\" \/>\n<link rel=\"canonical\" href=\"https:\/\/academy.grainesdepaix.org\/en\/ressources\/harcelement-scolaire\/\" \/>\n<meta property=\"og:locale\" content=\"en_US\" \/>\n<meta property=\"og:type\" content=\"article\" \/>\n<meta property=\"og:title\" content=\"Harc\u00e8lement scolaire - Academy Fondation Graines de Paix\" \/>\n<meta property=\"og:description\" content=\"Le site de l&#8217;UNESCO explique les motifs de cette nouvelle d\u00e9finition comme suit: Pourquoi revoir la d\u00e9finition du harc\u00e8lement ? [&hellip;]\" \/>\n<meta property=\"og:url\" content=\"https:\/\/academy.grainesdepaix.org\/en\/ressources\/harcelement-scolaire\/\" \/>\n<meta property=\"og:site_name\" content=\"Academy Fondation Graines de Paix\" \/>\n<meta property=\"article:modified_time\" content=\"2026-09-01T14:24:55+00:00\" \/>\n<meta name=\"twitter:card\" content=\"summary_large_image\" \/>\n<meta name=\"twitter:label1\" content=\"Est. reading time\" \/>\n\t<meta name=\"twitter:data1\" content=\"2 minutes\" \/>\n<script type=\"application\/ld+json\" class=\"yoast-schema-graph\">{\"@context\":\"https:\\\/\\\/schema.org\",\"@graph\":[{\"@type\":\"WebPage\",\"@id\":\"https:\\\/\\\/academy.grainesdepaix.org\\\/en\\\/ressources\\\/harcelement-scolaire\\\/\",\"url\":\"https:\\\/\\\/academy.grainesdepaix.org\\\/en\\\/ressources\\\/harcelement-scolaire\\\/\",\"name\":\"Harc\u00e8lement scolaire - Academy Fondation Graines de Paix\",\"isPartOf\":{\"@id\":\"https:\\\/\\\/academy.grainesdepaix.org\\\/en\\\/#website\"},\"datePublished\":\"2026-09-01T14:24:53+00:00\",\"dateModified\":\"2026-09-01T14:24:55+00:00\",\"breadcrumb\":{\"@id\":\"https:\\\/\\\/academy.grainesdepaix.org\\\/en\\\/ressources\\\/harcelement-scolaire\\\/#breadcrumb\"},\"inLanguage\":\"en-US\",\"potentialAction\":[{\"@type\":\"ReadAction\",\"target\":[\"https:\\\/\\\/academy.grainesdepaix.org\\\/en\\\/ressources\\\/harcelement-scolaire\\\/\"]}]},{\"@type\":\"BreadcrumbList\",\"@id\":\"https:\\\/\\\/academy.grainesdepaix.org\\\/en\\\/ressources\\\/harcelement-scolaire\\\/#breadcrumb\",\"itemListElement\":[{\"@type\":\"ListItem\",\"position\":1,\"name\":\"Home\",\"item\":\"https:\\\/\\\/academy.grainesdepaix.org\\\/en\\\/\"},{\"@type\":\"ListItem\",\"position\":2,\"name\":\"Ressources\",\"item\":\"https:\\\/\\\/academy.grainesdepaix.org\\\/en\\\/ressources\\\/\"},{\"@type\":\"ListItem\",\"position\":3,\"name\":\"Dictionary\",\"item\":\"https:\\\/\\\/academy.grainesdepaix.org\\\/en\\\/category-ressources\\\/dictionary\\\/\"},{\"@type\":\"ListItem\",\"position\":4,\"name\":\"Harc\u00e8lement scolaire\"}]},{\"@type\":\"WebSite\",\"@id\":\"https:\\\/\\\/academy.grainesdepaix.org\\\/en\\\/#website\",\"url\":\"https:\\\/\\\/academy.grainesdepaix.org\\\/en\\\/\",\"name\":\"Academy Fondation Graines de Paix\",\"description\":\"Un site utilisant WordPress\",\"potentialAction\":[{\"@type\":\"SearchAction\",\"target\":{\"@type\":\"EntryPoint\",\"urlTemplate\":\"https:\\\/\\\/academy.grainesdepaix.org\\\/en\\\/?s={search_term_string}\"},\"query-input\":{\"@type\":\"PropertyValueSpecification\",\"valueRequired\":true,\"valueName\":\"search_term_string\"}}],\"inLanguage\":\"en-US\"}]}<\/script>\n<!-- \/ Yoast SEO plugin. -->","yoast_head_json":{"title":"Harc\u00e8lement scolaire - Academy Fondation Graines de Paix","robots":{"index":"index","follow":"follow","max-snippet":"max-snippet:-1","max-image-preview":"max-image-preview:large","max-video-preview":"max-video-preview:-1"},"canonical":"https:\/\/academy.grainesdepaix.org\/en\/ressources\/harcelement-scolaire\/","og_locale":"en_US","og_type":"article","og_title":"Harc\u00e8lement scolaire - Academy Fondation Graines de Paix","og_description":"Le site de l&#8217;UNESCO explique les motifs de cette nouvelle d\u00e9finition comme suit: Pourquoi revoir la d\u00e9finition du harc\u00e8lement ? [&hellip;]","og_url":"https:\/\/academy.grainesdepaix.org\/en\/ressources\/harcelement-scolaire\/","og_site_name":"Academy Fondation Graines de Paix","article_modified_time":"2026-09-01T14:24:55+00:00","twitter_card":"summary_large_image","twitter_misc":{"Est. reading time":"2 minutes"},"schema":{"@context":"https:\/\/schema.org","@graph":[{"@type":"WebPage","@id":"https:\/\/academy.grainesdepaix.org\/en\/ressources\/harcelement-scolaire\/","url":"https:\/\/academy.grainesdepaix.org\/en\/ressources\/harcelement-scolaire\/","name":"Harc\u00e8lement scolaire - Academy Fondation Graines de Paix","isPartOf":{"@id":"https:\/\/academy.grainesdepaix.org\/en\/#website"},"datePublished":"2026-09-01T14:24:53+00:00","dateModified":"2026-09-01T14:24:55+00:00","breadcrumb":{"@id":"https:\/\/academy.grainesdepaix.org\/en\/ressources\/harcelement-scolaire\/#breadcrumb"},"inLanguage":"en-US","potentialAction":[{"@type":"ReadAction","target":["https:\/\/academy.grainesdepaix.org\/en\/ressources\/harcelement-scolaire\/"]}]},{"@type":"BreadcrumbList","@id":"https:\/\/academy.grainesdepaix.org\/en\/ressources\/harcelement-scolaire\/#breadcrumb","itemListElement":[{"@type":"ListItem","position":1,"name":"Home","item":"https:\/\/academy.grainesdepaix.org\/en\/"},{"@type":"ListItem","position":2,"name":"Ressources","item":"https:\/\/academy.grainesdepaix.org\/en\/ressources\/"},{"@type":"ListItem","position":3,"name":"Dictionary","item":"https:\/\/academy.grainesdepaix.org\/en\/category-ressources\/dictionary\/"},{"@type":"ListItem","position":4,"name":"Harc\u00e8lement scolaire"}]},{"@type":"WebSite","@id":"https:\/\/academy.grainesdepaix.org\/en\/#website","url":"https:\/\/academy.grainesdepaix.org\/en\/","name":"Academy Fondation Graines de Paix","description":"Un site utilisant WordPress","potentialAction":[{"@type":"SearchAction","target":{"@type":"EntryPoint","urlTemplate":"https:\/\/academy.grainesdepaix.org\/en\/?s={search_term_string}"},"query-input":{"@type":"PropertyValueSpecification","valueRequired":true,"valueName":"search_term_string"}}],"inLanguage":"en-US"}]}},"_links":{"self":[{"href":"https:\/\/academy.grainesdepaix.org\/en\/wp-json\/wp\/v2\/ressource\/11114","targetHints":{"allow":["GET"]}}],"collection":[{"href":"https:\/\/academy.grainesdepaix.org\/en\/wp-json\/wp\/v2\/ressource"}],"about":[{"href":"https:\/\/academy.grainesdepaix.org\/en\/wp-json\/wp\/v2\/types\/ressource"}],"version-history":[{"count":1,"href":"https:\/\/academy.grainesdepaix.org\/en\/wp-json\/wp\/v2\/ressource\/11114\/revisions"}],"predecessor-version":[{"id":11115,"href":"https:\/\/academy.grainesdepaix.org\/en\/wp-json\/wp\/v2\/ressource\/11114\/revisions\/11115"}],"wp:attachment":[{"href":"https:\/\/academy.grainesdepaix.org\/en\/wp-json\/wp\/v2\/media?parent=11114"}],"wp:term":[{"taxonomy":"post_tag","embeddable":true,"href":"https:\/\/academy.grainesdepaix.org\/en\/wp-json\/wp\/v2\/tags?post=11114"},{"taxonomy":"ressources-theme","embeddable":true,"href":"https:\/\/academy.grainesdepaix.org\/en\/wp-json\/wp\/v2\/ressources-theme?post=11114"},{"taxonomy":"category-ressources","embeddable":true,"href":"https:\/\/academy.grainesdepaix.org\/en\/wp-json\/wp\/v2\/category-ressources?post=11114"}],"curies":[{"name":"wp","href":"https:\/\/api.w.org\/{rel}","templated":true}]}}